{"id":3331,"date":"2016-06-28T19:55:01","date_gmt":"2016-06-28T17:55:01","guid":{"rendered":"http:\/\/osmirna.splet.arnes.si\/?page_id=3331"},"modified":"2016-09-14T19:57:46","modified_gmt":"2016-09-14T17:57:46","slug":"anketa-ob-zakljucku-projekta","status":"publish","type":"page","link":"https:\/\/www.os-mirna.si\/?page_id=3331","title":{"rendered":"Anketa ob zaklju\u010dku projekta"},"content":{"rendered":"<p><strong>ANALIZA ANKETE <\/strong><\/p>\n<p>U\u010denci so ob zaklju\u010dku dvoletnega projekta Z jeziki v Evropo izpolnili kratek vpra\u0161alnik. Vpra\u0161alnik smo sestavile vse tri u\u010diteljice aktiva tujih jezikov. Namenjen je bil ugotavljanju motiviranosti za u\u010denje tujih jezikov. Zanimalo nas je tudi, ali u\u010denci poznajo nekaj najbolj splo\u0161nih dejstev o dr\u017eavah, kjer se govorijo jeziki, ki se jih u\u010denci na na\u0161i \u0161oli u\u010dijo. V vpra\u0161alniku je tudi nekaj vpra\u0161anj o Evropski uniji.<\/p>\n<p>\u0160tevilo vseh vpra\u0161anih je 83. Razporeditev glede na starost je naslednja:<\/p>\n<p>&nbsp;<\/p>\n<table>\n<tbody>\n<tr>\n<td width=\"170\">Starost 11 let<\/td>\n<td width=\"151\">11 u\u010dencev<\/td>\n<\/tr>\n<tr>\n<td width=\"170\">Starost 12 let<\/td>\n<td width=\"151\">25 u\u010dencev<\/td>\n<\/tr>\n<tr>\n<td width=\"170\">Starost 13 let<\/td>\n<td width=\"151\">18 u\u010dencev<\/td>\n<\/tr>\n<tr>\n<td width=\"170\">Starost 14 let<\/td>\n<td width=\"151\">19 u\u010dencev<\/td>\n<\/tr>\n<tr>\n<td width=\"170\">Starost 15 let<\/td>\n<td width=\"151\">10 u\u010dencev<\/td>\n<\/tr>\n<\/tbody>\n<\/table>\n<p>&nbsp;<\/p>\n<p>U\u010denje tujih jezikov je pomembno za 97,5% u\u010dencev in kar 90% u\u010dencev je u\u010denje tujih jezikov v\u0161e\u010d. Znanje tujih jezikov je za u\u010dence uporabno iz naslednjih vidikov:<\/p>\n<table>\n<tbody>\n<tr>\n<td width=\"302\">Za razumevanje filmov in pesmi<\/td>\n<td width=\"302\">62%<\/td>\n<\/tr>\n<tr>\n<td width=\"302\">Potovanja<\/td>\n<td width=\"302\">73,4%<\/td>\n<\/tr>\n<tr>\n<td width=\"302\">Ra\u010dunalni\u0161ke igrice<\/td>\n<td width=\"302\">8,4%<\/td>\n<\/tr>\n<\/tbody>\n<\/table>\n<p>&nbsp;<\/p>\n<p>Samo 1 u\u010dencu se zdi, da znanje tujih jezikov ni uporabno.<\/p>\n<p>71% u\u010dencev se zanima za mednarodne projekte, 29% pa v projektih ne bi sodelovala.<\/p>\n<p>Kak\u0161no pa je stanje glede znanja tujih jezikov na na\u0161i \u0161oli?<\/p>\n<p>90% u\u010dencev trdi, da zna govoriti angle\u0161ko, od tega jih je 37%, ki se u\u010dijo poleg angle\u0161\u010dine \u0161e nem\u0161\u010dino. 9 u\u010dencev je napisalo, da znajo \/ se u\u010dijo \u0161e druge jezike (alban\u0161\u010dina, hrva\u0161\u010dina, \u0161pan\u0161\u010dina, italijan\u0161\u010dina).<\/p>\n<p>Kak\u0161no pa je poznavanje dr\u017eav, od koder izvirajo tuji jeziki, ki se jih u\u010dijo na na\u0161i \u0161oli?<\/p>\n<p>Vsi vpra\u0161ani vedo, da je glavno mesto Velike Britanije London, pri prestolnici Nem\u010dije pa so imeli nekaj ve\u010d te\u017eav: 87% Berlin, 10% M\u00fcnchen in 3% Dunaj.<\/p>\n<p>Ve\u010dina u\u010dencev\u00a0 (76%) ve, da se nem\u0161ko govori v Nem\u010diji, Avstriji in \u0160vici, 17% pa pri\u0161teva k tej skupini \u0161e Nizozemsko.<\/p>\n<p>89% u\u010dencev ve, da se v Veliki Britaniji uporablja denarna valuta funt in 87% u\u010dencev ve, da se v Veliki Britaniji popije najve\u010d \u010drnega \u010daja v Evropi.<\/p>\n<p>Kaj je prva stvar, na katero pomislijo ob omembi Nem\u010dije?<\/p>\n<table>\n<tbody>\n<tr>\n<td width=\"302\">Hitler, vojna<\/td>\n<td width=\"302\">15,6%<\/td>\n<\/tr>\n<tr>\n<td width=\"302\">Berlin in njegove znamenitosti<\/td>\n<td width=\"302\">12%<\/td>\n<\/tr>\n<tr>\n<td width=\"302\">nogomet<\/td>\n<td width=\"302\">9,6%<\/td>\n<\/tr>\n<tr>\n<td width=\"302\">pivo oziroma Oktoberfest<\/td>\n<td width=\"302\">9,6%<\/td>\n<\/tr>\n<tr>\n<td width=\"302\">kmetijstvo<\/td>\n<td width=\"302\">4,8%<\/td>\n<\/tr>\n<tr>\n<td width=\"302\">Bavarska in M\u00fcnchen<\/td>\n<td width=\"302\">4,8%<\/td>\n<\/tr>\n<tr>\n<td width=\"302\">nem\u0161ka zastava<\/td>\n<td width=\"302\">4,8%<\/td>\n<\/tr>\n<tr>\n<td width=\"302\">prijatelji \/ sorodniki<\/td>\n<td width=\"302\">3,6%<\/td>\n<\/tr>\n<\/tbody>\n<\/table>\n<p>&nbsp;<\/p>\n<p>Pri Veliki Britaniji pa u\u010denci pomislijo na:<\/p>\n<table>\n<tbody>\n<tr>\n<td width=\"302\">London in njegove znamenitosti<\/td>\n<td width=\"302\">48,1%<\/td>\n<\/tr>\n<tr>\n<td width=\"302\">kraljico<\/td>\n<td width=\"302\">10,8%<\/td>\n<\/tr>\n<tr>\n<td width=\"302\">angle\u0161ki naglas<\/td>\n<td width=\"302\">7,2%<\/td>\n<\/tr>\n<tr>\n<td width=\"302\">\u010drni \u010daj<\/td>\n<td width=\"302\">4,8%<\/td>\n<\/tr>\n<tr>\n<td width=\"302\">otok<\/td>\n<td width=\"302\">3,6%<\/td>\n<\/tr>\n<tr>\n<td width=\"302\">dvonadstropni avtobusi<\/td>\n<td width=\"302\">3,6%<\/td>\n<\/tr>\n<\/tbody>\n<\/table>\n<p>&nbsp;<\/p>\n<p>Poznavanje Evropske unije je malo slab\u0161e. 51% u\u010dencev ve, da je uradnih jezikov ve\u010d (vsi jeziki \u010dlanic), kar 46% jih meni, da je uradni jezik angle\u0161\u010dine in 3%, da je uradni jezik nem\u0161\u010dina.<\/p>\n<p>&nbsp;<\/p>\n<p>89% u\u010dencev ve, da unija obsega 28 dr\u017eav, le 11% jih pravi, da je v unijo vklju\u010denih 11 dr\u017eav.<\/p>\n<p>Velike te\u017eave so u\u010denci imeli z vpra\u0161anjem, koliko prebivalcev ima unija. Najve\u010d (53%) se jih je odlo\u010dilo za odgovor 350 milijonov, 23% jih pravi, da 200 milijonov in le 22% se je odlo\u010dilo za pravilen odgovor \u2013 ve\u010d kot 500 milijonov.<\/p>\n<p>Sode\u010d po anketi u\u010denci dobro poznajo zastavo Evropske unije (98%).<\/p>\n<p>&nbsp;<\/p>\n<p><strong>SKLEP<\/strong><\/p>\n<p>Velika ve\u010dina je k anketi pristopila resno, iz odgovorov sode\u010d sta 2 u\u010denca vzela izpolnjevanje ankete kot \u0161alo in pisala neprimerne odgovore.<\/p>\n<p>\u010ce povzamem celotno anketo, lahko re\u010dem, da veliko ve\u010dino u\u010dencev u\u010denje tujih jezikov zanima in se jim njihovo znanje jezikov zdi uporabno. Zanimajo se tudi za izvedbo mednarodnih projektov.<\/p>\n<p>U\u010denci dobro poznajo tipi\u010dne lastnosti dr\u017eav, katerih jezikov se u\u010dijo. Nekoliko slab\u0161e jim gre pri poznavanju Evropske unije, a tudi tu rezultati ankete niso zelo slabi.<\/p>\n<p>Po anketi lahko sklepamo, da je klima med u\u010denci pozitivna. U\u010denci so motivirani za delo in u\u010denje tujih jezikov jih veseli. Ravno to je bil eden izmed glavnih ciljev projekta Erasmus+ in z gotovostjo lahko trdimo, da so izobra\u017eevanja u\u010diteljic in projektne aktivnosti pripomogle k tak\u0161nemu stanju med u\u010denci.<\/p>\n<p>&nbsp;<\/p>\n<p>&nbsp;<\/p>\n<p>&nbsp;<\/p>\n<p>&nbsp;<\/p>\n<p>&nbsp;<\/p>\n<p>&nbsp;<\/p>\n<p>&nbsp;<\/p>\n<p>Mirna, 28. junij 2016\u00a0\u00a0\u00a0\u00a0\u00a0\u00a0\u00a0\u00a0\u00a0\u00a0\u00a0\u00a0\u00a0\u00a0\u00a0\u00a0\u00a0\u00a0\u00a0\u00a0\u00a0\u00a0\u00a0\u00a0\u00a0\u00a0\u00a0\u00a0\u00a0\u00a0\u00a0\u00a0\u00a0\u00a0\u00a0\u00a0\u00a0\u00a0\u00a0\u00a0\u00a0\u00a0\u00a0\u00a0\u00a0\u00a0\u00a0\u00a0\u00a0\u00a0\u00a0\u00a0\u00a0\u00a0\u00a0\u00a0\u00a0\u00a0\u00a0\u00a0\u00a0\u00a0\u00a0\u00a0\u00a0\u00a0\u00a0\u00a0\u00a0\u00a0\u00a0\u00a0\u00a0\u00a0\u00a0\u00a0\u00a0\u00a0\u00a0\u00a0\u00a0\u00a0\u00a0\u00a0\u00a0\u00a0\u00a0\u00a0\u00a0\u00a0\u00a0\u00a0\u00a0\u00a0\u00a0\u00a0\u00a0\u00a0\u00a0 zapisala Marija Klan\u010dar<\/p>\n","protected":false},"excerpt":{"rendered":"<p>ANALIZA ANKETE U\u010denci so ob zaklju\u010dku dvoletnega projekta Z jeziki v Evropo izpolnili kratek vpra\u0161alnik. Vpra\u0161alnik smo sestavile vse tri u\u010diteljice aktiva tujih jezikov. Namenjen je bil ugotavljanju motiviranosti za u\u010denje tujih jezikov. Zanimalo&#46;&#46;&#46;<\/p>\n","protected":false},"author":5692,"featured_media":0,"parent":0,"menu_order":0,"comment_status":"closed","ping_status":"closed","template":"","meta":{"ngg_post_thumbnail":0,"footnotes":""},"class_list":["post-3331","page","type-page","status-publish","hentry"],"_links":{"self":[{"href":"https:\/\/www.os-mirna.si\/index.php?rest_route=\/wp\/v2\/pages\/3331","targetHints":{"allow":["GET"]}}],"collection":[{"href":"https:\/\/www.os-mirna.si\/index.php?rest_route=\/wp\/v2\/pages"}],"about":[{"href":"https:\/\/www.os-mirna.si\/index.php?rest_route=\/wp\/v2\/types\/page"}],"author":[{"embeddable":true,"href":"https:\/\/www.os-mirna.si\/index.php?rest_route=\/wp\/v2\/users\/5692"}],"replies":[{"embeddable":true,"href":"https:\/\/www.os-mirna.si\/index.php?rest_route=%2Fwp%2Fv2%2Fcomments&post=3331"}],"version-history":[{"count":1,"href":"https:\/\/www.os-mirna.si\/index.php?rest_route=\/wp\/v2\/pages\/3331\/revisions"}],"predecessor-version":[{"id":3332,"href":"https:\/\/www.os-mirna.si\/index.php?rest_route=\/wp\/v2\/pages\/3331\/revisions\/3332"}],"wp:attachment":[{"href":"https:\/\/www.os-mirna.si\/index.php?rest_route=%2Fwp%2Fv2%2Fmedia&parent=3331"}],"curies":[{"name":"wp","href":"https:\/\/api.w.org\/{rel}","templated":true}]}}